{"id":228337,"date":"2026-04-28T14:44:52","date_gmt":"2026-04-28T12:44:52","guid":{"rendered":"https:\/\/tytan.com\/pl\/?post_type=cpt-advice&#038;p=228337"},"modified":"2026-04-29T09:36:47","modified_gmt":"2026-04-29T07:36:47","slug":"jak-prawidlowo-przygotowac-sciany-do-malowania","status":"publish","type":"cpt-advice","link":"https:\/\/tytan.com\/pl\/fachowa-wiedza\/jak-prawidlowo-przygotowac-sciany-do-malowania\/","title":{"rendered":"P\u0119kni\u0119cia, ubytki i szczeliny \u2013 jak prawid\u0142owo przygotowa\u0107 \u015bciany do malowania?"},"content":{"rendered":"\t\t<div class=\"container gutenberg-block\">\n\t\t\t<div class=\"row\" data-sticky-container>\n\t\t\t\t<div class=\"col-12 col-md-8 col-lg-8\">\n\t\t\t\t\t<div class=\"blog-main-container blog-main-container--no-space\" id=\"print-main-container\">\n\t\t\t\t\t\t<div class=\"blog-excerpt\">\n\t\t\t\t\t\t\t<p>Remont to nie tylko od\u015bwie\u017cenie wn\u0119trza, ale przede wszystkim etap, w kt\u00f3rym usuwamy niedoskona\u0142o\u015bci \u015bcian. To w\u0142a\u015bnie wtedy wype\u0142nia si\u0119 ubytki, maskuje \u015blady po wkr\u0119tach, naprawia p\u0119kni\u0119cia oraz uszczelnia szczeliny przy o\u015bcie\u017cnicach czy listwach przypod\u0142ogowych.<br \/>\nAby jednak efekt ko\u0144cowy by\u0142 estetyczny, kluczowe jest nie tylko wykonanie tych prac, ale tak\u017ce w\u0142a\u015bciwe przygotowanie powierzchni do malowania. To moment, w kt\u00f3rym liczy si\u0119 precyzja i dob\u00f3r odpowiednich materia\u0142\u00f3w.<br \/>\nDobra wiadomo\u015b\u0107: wi\u0119kszo\u015b\u0107 takich napraw mo\u017cna wykona\u0107 sprawnie i bez wieloetapowego szpachlowania. Kluczem jest w\u0142a\u015bciwy dob\u00f3r rozwi\u0105zania \u2013 odpowiedni akryl do \u015bcian powinien by\u0107 dopasowany do rodzaju uszkodzenia i etapu prac.<\/p>\n\t\t\t\t\t\t<\/div>\n\t\t\t\t\t\t\n\n<p><a id=\"_msocom_1\"><\/a><\/p>\n\n\n\n\t\t<section id=\"1344de2f8cf680b143ece44ec3df9695\" class=\"section section-table-of-content gutenberg-block block post-table-of-content alignwide \">\n\t\t\t<div class=\"table-of-content\">\n\t\t\t\t<div class=\"table-of-content__title\">Czego dowiesz si\u0119 z tego artyku\u0142u:<\/div>\n\t\t\t\t\t\t\t\t\t<ol class=\"table-of-content__list\">\n\t\t\t\t\t\t\t\t\t\t\t\t<li class=\"table-of-content__list-item\">\n\t\t\t\t\t\t\t<a href=\"#section1\" data-scroll-to=section1>Jaki akryl wybra\u0107 do \u015bcian, ubytk\u00f3w i p\u0119kni\u0119\u0107?<\/a>\n\t\t\t\t\t\t<\/li>\n\t\t\t\t\t\t\t\t\t\t\t\t<li class=\"table-of-content__list-item\">\n\t\t\t\t\t\t\t<a href=\"#section2\" data-scroll-to=section2>Akryl do listew i szczelin \u2013 jak uzyska\u0107 g\u0142adkie wyko\u0144czenie?<\/a>\n\t\t\t\t\t\t<\/li>\n\t\t\t\t\t\t\t\t\t\t\t\t<li class=\"table-of-content__list-item\">\n\t\t\t\t\t\t\t<a href=\"#section3\" data-scroll-to=section3>Jak przygotowa\u0107 \u015bciany do malowania bez poprawek? <\/a>\n\t\t\t\t\t\t<\/li>\n\t\t\t\t\t\t\t\t\t\t\t\t<li class=\"table-of-content__list-item\">\n\t\t\t\t\t\t\t<a href=\"#section4\" data-scroll-to=section4>Najcz\u0119stsze b\u0142\u0119dy przy pracy z akrylem<\/a>\n\t\t\t\t\t\t<\/li>\n\t\t\t\t\t\t\t\t\t\t\t\t<li class=\"table-of-content__list-item\">\n\t\t\t\t\t\t\t<a href=\"#section 5\" data-scroll-to=section 5>Jaki akryl do \u015bcian wybra\u0107?<\/a>\n\t\t\t\t\t\t<\/li>\n\t\t\t\t\t\t\t\t\t\t\t<\/ol>\n\t\t\t\t\t\t\t<\/div>\n\t\t<\/section>\n\t\n\n\n<h2 class=\"wp-block-heading\" id=\"section1\">Jaki akryl wybra\u0107 do \u015bcian, ubytk\u00f3w i p\u0119kni\u0119\u0107?<\/h2>\n\n\n\n<p>Na pocz\u0105tku warto skupi\u0107 si\u0119 na miejscach, kt\u00f3re wymagaj\u0105 realnego uzupe\u0142nienia materia\u0142u:<\/p>\n\n\n\n<ul class=\"wp-block-list\">\n<li>dziury po ko\u0142kach, gwo\u017adziach i wkr\u0119tach,<\/li>\n\n\n\n<li>wi\u0119ksze rysy i p\u0119kni\u0119cia,<\/li>\n\n\n\n<li>ubytki w tynku,<\/li>\n\n\n\n<li>nier\u00f3wno\u015bci po monta\u017cu p\u0142yt G-K.<\/li>\n<\/ul>\n\n\n\n<p>W takich sytuacjach najlepiej sprawdza si\u0119 akryl szpachlowy, kt\u00f3ry pozwala odbudowa\u0107 struktur\u0119 pod\u0142o\u017ca i przygotowa\u0107 je pod dalsze prace.<\/p>\n\n\n\n<p> <a href=\"https:\/\/tytan.com\/pl\/produkt\/uszczelniacze-silikony-i-akryle\/akryl-szpachlowy-szybki\/\">Akryl Szpachlowy Szybki<\/a> umo\u017cliwia wype\u0142nienie ubytk\u00f3w bez konieczno\u015bci nak\u0142adania wielu warstw. Dzi\u0119ki lekkiej konsystencji jest \u0142atwy w obr\u00f3bce, a powierzchnia mo\u017ce by\u0107 gotowa do malowania ju\u017c po oko\u0142o 20 minutach. To rozwi\u0105zanie sprawdza si\u0119 wsz\u0119dzie tam, gdzie potrzebny jest solidny i r\u00f3wny podk\u0142ad, kt\u00f3ry pozwala szybko przej\u015b\u0107 do kolejnych etap\u00f3w prac.<\/p>\n\n\n\n\t\t<section id=\"30cd532376f532094279a939254f89ee\" class=\"section-blog gutenberg-block\">\n\t\t\t\t\t\t\t<div class=\"single-product-blocks single-product-blocks--blue\">\n\t\t\t\t\t\t\t\t\t\t\t<div class=\"single-product-blocks__slider\">\n\t\t\t\t\t\t\t\t\t\t\t\t\t\t\t<div class=\"single-product-blocks__slide\">\n\t\t\t\t\t\t\t\t\t<a href=\"https:\/\/tytan.com\/pl\/produkt\/akryle\/akryl-szpachlowy-szybki\/\">\n\t\t\t\t\t\t\t\t\t\t<div class=\"single-product-blocks__image\">\n\t\t\t\t\t\t\t\t\t\t\t<img\n\t\t\t\t\t\t\t\t\t\t\t\twidth=\"101\"\n\t\t\t\t\t\t\t\t\t\t\t\theight=\"260\"\n\t\t\t\t\t\t\t\t\t\t\t\talt=\"\" \n\t\t\t\t\t\t\t\t\t\t\t\tsrc=\"https:\/\/tytan-cdn.tytan.com\/uploads\/sites\/53\/2026\/02\/33537V04-101x260.png\">\n\t\t\t\t\t\t\t\t\t\t<\/div>\n\t\t\t\t\t\t\t\t\t\t<div class=\"single-product-blocks__title\">\n\t\t\t\t\t\t\t\t\t\t\tAkryl Szpachlowy Szybki\t\t\t\t\t\t\t\t\t\t\t\t\t\t\t\t\t\t\t\t\t\t\t<span>, 280 ml<\/span>\n\t\t\t\t\t\t\t\t\t\t\t\t\t\t\t\t\t\t\t\t\t\t<\/div>\n\t\t\t\t\t\t\t\t\t\t<div class=\"single-product-blocks__view-more\">\n\t\t\t\t\t\t\t\t\t\t\tWi\u0119cej informacji o produkcie\t\t\t\t\t\t\t\t\t\t<\/div>\n\t\t\t\t\t\t\t\t\t<\/a>\n\t\t\t\t\t\t\t\t<\/div>\n\t\t\t\t\t\t\t\t\t\t\t\t\t\t<\/div>\n\t\t\t\t\t\t\t\t\t\t<\/div>\n\t\t\t\t\n\n\t\t<\/section>\n\t\n\n\n<h2 class=\"wp-block-heading\" id=\"section2\">Akryl do listew i szczelin \u2013 jak uzyska\u0107 g\u0142adkie wyko\u0144czenie?<\/h2>\n\n\n\n<p>Po uzupe\u0142nieniu wi\u0119kszych ubytk\u00f3w przychodzi czas na detale, kt\u00f3re w najwi\u0119kszym stopniu wp\u0142ywaj\u0105 na efekt ko\u0144cowy.<\/p>\n\n\n\n<p>Najcz\u0119\u015bciej s\u0105 to:<\/p>\n\n\n\n<ul class=\"wp-block-list\">\n<li>mikrop\u0119kni\u0119cia przy naro\u017cnikach,<\/li>\n\n\n\n<li>szczeliny mi\u0119dzy \u015bcian\u0105 a listwami przypod\u0142ogowymi,<\/li>\n\n\n\n<li>po\u0142\u0105czenia przy oknach, drzwiach i parapetach,<\/li>\n\n\n\n<li>drobne nier\u00f3wno\u015bci widoczne dopiero przed malowaniem.<\/li>\n<\/ul>\n\n\n\n<p>W tych miejscach potrzebny jest materia\u0142, kt\u00f3ry nie tylko wype\u0142ni szczelin\u0119, ale te\u017c zapewni trwa\u0142o\u015b\u0107 i estetyczny efekt.<\/p>\n\n\n\n<p>Dlatego najlepiej sprawdza si\u0119 akryl do listew i po\u0142\u0105cze\u0144, kt\u00f3ry pozostaje lekko elastyczny i dobrze pracuje w miejscach nara\u017conych na ruch.<\/p>\n\n\n\n<p><a href=\"https:\/\/tytan.com\/pl\/produkt\/uszczelniacze-silikony-i-akryle\/akryl-turbo-efekt\/\">Akryl Turbo Efekt<\/a> zapewnia wysok\u0105 przyczepno\u015b\u0107 do r\u00f3\u017cnych pod\u0142o\u017cy (beton, tynk, drewno, p\u0142yty G-K), a jednocze\u015bnie pozwala uzyska\u0107 efekt zbli\u017cony do g\u0142adzi. Dodatkowo mo\u017ce by\u0107 malowany ju\u017c po oko\u0142o 10 minutach od aplikacji. To rozwi\u0105zanie idealne jako akryl do szczelin i detali wyko\u0144czeniowych, gdzie liczy si\u0119 precyzja i estetyka.<\/p>\n\n\n\n<h2 class=\"wp-block-heading\" id=\"h-jak-przygotowac-sciany-do-malowania-bez-poprawek\">Jak przygotowa\u0107 \u015bciany do malowania bez poprawek?<\/h2>\n\n\n\n<p>Niezale\u017cnie od zakresu napraw, przed malowaniem warto sprawdzi\u0107 kilka kluczowych element\u00f3w:<\/p>\n\n\n\n<ul class=\"wp-block-list\">\n<li>czy powierzchnia jest jednolita,<\/li>\n\n\n\n<li>czy wszystkie miejsca zosta\u0142y wyg\u0142adzone,<\/li>\n\n\n\n<li>czy u\u017cyty akryl do \u015bcian jest ju\u017c gotowy do malowania.<\/li>\n<\/ul>\n\n\n\n<p>Dobrze przygotowane pod\u0142o\u017ce to gwarancja r\u00f3wnomiernego krycia farby i braku widocznych poprawek.<\/p>\n\n\n\n\t\t<section id=\"c3bcc2b0b113ca3b6e565ccd18c0671a\" class=\"section-blog gutenberg-block  banner-single-product section-blog banner-single-product--white\">\n\t\t\t<dvi class=\"banner-single-product__block-wrapper\">\n\t\t\t\t<div class=\"banner-single-product__image\">\n\t\t\t\t\t<img\n\t\t\t\t\t\twidth=\"175\"\n\t\t\t\t\t\theight=\"450\"\n\t\t\t\t\t\talt=\"\" \n\t\t\t\t\t\tsrc=\"https:\/\/tytan-cdn.tytan.com\/uploads\/sites\/53\/2026\/04\/33537V04-175x450.png\">\n\t\t\t\t<\/div>\n\t\t\t\t<div class=\"banner-single-product__text-wrapper\">\n\t\t\t\t\t\t\t\t\t\t\t<div class=\"banner-single-product__top-label\">\n\t\t\t\t\t\t\t\u015aCIANY &#8211; SUFITY &#8211; UBYTKI &#8211; P\u0118KNIECIA\t\t\t\t\t\t<\/div>\n\t\t\t\t\t\t\t\t\t\t\t<div class=\"banner-single-product__title\">\n\t\t\t\t\t\tAkryl Szpachlowy Szybki<i class=\"tytan-dot\"><\/i>\t\t\t\t\t<\/div>\n\t\t\t\t\t\t\t\t\t\t\t<a href=\"https:\/\/allegro.pl\/oferta\/akryl-szpachlowy-tytan-professional-280-ml-szybki-lekki-bialy-sciany-sufit-14180738572\" class=\"banner-single-product__button\">KUP TERAZ<\/a>\n\t\t\t\t\t\t\t\t\t\t<\/div>\n\t\t\t<\/dvi>\n\t\t<\/section>\n\t\n\n\n<h2 class=\"wp-block-heading\" id=\"h-najczestsze-bledy-przy-pracy-z-akrylem\"><strong>Najcz\u0119stsze b\u0142\u0119dy przy pracy z akrylem<\/strong><\/h2>\n\n\n\n<p>W praktyce problemy najcz\u0119\u015bciej wynikaj\u0105 nie z produktu, ale ze sposobu jego u\u017cycia.<\/p>\n\n\n\n<p><strong>1. Jeden akryl do wszystkiego<\/strong><\/p>\n\n\n\n<p>Stosowanie jednego rozwi\u0105zania do r\u00f3\u017cnych typ\u00f3w napraw cz\u0119sto ko\u0144czy si\u0119:<\/p>\n\n\n\n<ul class=\"wp-block-list\">\n<li>p\u0119kni\u0119ciami<\/li>\n\n\n\n<li>widocznymi \u0142\u0105czeniami<\/li>\n\n\n\n<li>konieczno\u015bci\u0105 poprawek po malowaniu<\/li>\n<\/ul>\n\n\n\n<p>Dlatego warto stosowa\u0107:<\/p>\n\n\n\n<ol class=\"wp-block-list\">\n<li>akryl szpachlowy do ubytk\u00f3w \u2192  <a href=\"https:\/\/tytan.com\/pl\/produkt\/uszczelniacze-silikony-i-akryle\/akryl-szpachlowy-szybki\/\"><strong>Akryl Szpachlowy Szybki<\/strong><\/a><\/li>\n\n\n\n<li>akryl do listew i szczelin \u2192  <a href=\"https:\/\/tytan.com\/pl\/produkt\/uszczelniacze-silikony-i-akryle\/akryl-turbo-efekt\/\"><strong>Akryl Turbo Efekt<\/strong><\/a><\/li>\n<\/ol>\n\n\n\n<p><strong>2. Zbyt szybkie wysychanie akrylu<\/strong><\/p>\n\n\n\n<p>Cho\u0107 szybkie schni\u0119cie jest zalet\u0105, jego nadmierne przyspieszenie (np. przez wysok\u0105 temperatur\u0119, nagrzewnica skierowana bezpo\u015brednio na miejsce z akrylem, przeci\u0105gi lub bardzo ch\u0142onne pod\u0142o\u017ce) mo\u017ce powodowa\u0107:<\/p>\n\n\n\n<ul class=\"wp-block-list\">\n<li>skurcz materia\u0142u<\/li>\n\n\n\n<li>powstawanie rys i mikrop\u0119kni\u0119\u0107<\/li>\n\n\n\n<li>obni\u017cenie przyczepno\u015bci<\/li>\n\n\n\n<li>skurcz akrylu po pomalowaniu.<\/li>\n<\/ul>\n\n\n\n<p>Dlatego nawet najlepszy akryl do \u015bcian wymaga odpowiednich warunk\u00f3w aplikacji.<\/p>\n\n\n\n<p><strong>3. Brak przygotowania pod\u0142o\u017ca<\/strong><\/p>\n\n\n\n<p>Kurz, t\u0142uszcz i lu\u017ane fragmenty znacz\u0105co obni\u017caj\u0105 przyczepno\u015b\u0107.<\/p>\n\n\n\n<p>Powierzchnia powinna by\u0107 czysta, sucha i stabilna.<\/p>\n\n\n\n<p><strong>4. Pomijanie detali wyko\u0144czeniowych<\/strong> <\/p>\n\n\n\n<p>Brak u\u017cycia odpowiedniego akrylu do szczelin i listew sprawia, \u017ce nawet dobrze wykonana naprawa wygl\u0105da nieestetycznie po czasie u\u017cytkowania.<\/p>\n\n\n\n<p>W kontek\u015bcie chemii budowlanej oznacza to, \u017ce:<\/p>\n\n\n\n<ul class=\"wp-block-list\">\n<li>produkt zosta\u0142 oceniony wed\u0142ug okre\u015blonych wymaga\u0144 \u015brodowiskowych,<\/li>\n\n\n\n<li>certyfikacja dotyczy konkretnego wyrobu,<\/li>\n\n\n\n<li>oznakowanie posiada numer licencji i dat\u0119 wa\u017cno\u015bci,<\/li>\n\n\n\n<li>proces przyznania obejmuje weryfikacj\u0119 przez uprawnion\u0105 jednostk\u0119.<\/li>\n<\/ul>\n\n\n\n<p>Dla wykonawcy jest to praktyczna informacja: deklaracja ekologiczna ma formalne potwierdzenie.&nbsp;&nbsp;<\/p>\n\n\n\n<h3 class=\"wp-block-heading\" id=\"h-jaki-akryl-do-scian-wybrac\"><strong>Jaki akryl do \u015bcian wybra\u0107?<\/strong><\/h3>\n\n\n\n<p>Przed podj\u0119ciem decyzji zakupowej warto sprawdzi\u0107:Skuteczne przygotowanie \u015bcian do malowania nie polega na przyspieszaniu pracy, ale na jej uproszczeniu i w\u0142a\u015bciwym doborze materia\u0142\u00f3w.<\/p>\n\n\n\n<p>Najlepsze efekty daje po\u0142\u0105czenie:<\/p>\n\n\n\n<ul class=\"wp-block-list\">\n<li>rozwi\u0105zania do ubytk\u00f3w (<a href=\"https:\/\/tytan.com\/pl\/produkt\/uszczelniacze-silikony-i-akryle\/akryl-szpachlowy-szybki\/\">akryl szpachlowy<\/a>)<\/li>\n\n\n\n<li>oraz produktu do detali (<a href=\"https:\/\/tytan.com\/pl\/produkt\/uszczelniacze-silikony-i-akryle\/akryl-turbo-efekt\/\">akryl do listew i szczelin<\/a>)<\/li>\n<\/ul>\n\n\n\n<p>Dzi\u0119ki temu mo\u017cna uzyska\u0107 trwa\u0142y, estetyczny efekt bez poprawek i bez niepotrzebnych komplikacji.<\/p>\n\n\n\n<p><\/p>\n\n\n\t\t\t\t\t\t<!-- Author section -->\n\t\t\t\t\t<section class=\"section-article-details\">\n\t\t\t\t\t\t<div class=\"article-details__head mobile-rel\">\n\t\t\t\t\t\t\t<div class=\"article-details__item sm-space-between v-center\">\n\t\t\t\t\t\t\t\t<h2 class=\"section-h2 mobile-fs-18\">\n\t\t\t\t\t\t\t\t\tCzy ten artyku\u0142 by\u0142 pomocny?<\/h2>\n\t\t\t\t\t\t\t\t<button role=\"button\" class=\"article-like v-center\"\n\t\t\t\t\t\t\t\t\tdata-id=\"228337\">\n\t\t\t\t\t\t\t\t\t<div class=\"article-like__icon space\">\n\t\t\t\t\t\t\t\t\t\t<span class=\"like-icon\"><\/span>\n\t\t\t\t\t\t\t\t\t<\/div>\n\t\t\t\t\t\t\t\t\t\t\t\t\t\t\t\t\t\t<span class=\"article-like__number fs-11\">0<\/span>\n\t\t\t\t\t\t\t\t<\/button>\n\t\t\t\t\t\t\t<\/div>\n\t\t\t\t\t\t\t<div class=\"article-details__item socials-tools\">\n\t\t\t\t\t\t\t\t<div class=\"socials-tools__item flex\">\n\t\t\t\t\t\t\t\t\t<div class=\"text\">\n\t\t\t\t\t\t\t\t\t\tUdost\u0119pnij:\t\t\t\t\t\t\t\t\t<\/div>\n\t\t\t\t\t\t\t\t\t<div class=\"socials-tools__socials mobile-no-padding\">\n\t\t\t\t\t\t\t\t\t\t<a href=\"https:\/\/www.linkedin.com\/sharing\/share-offsite\/?url=https:\/\/tytan.com\/pl\/fachowa-wiedza\/jak-prawidlowo-przygotowac-sciany-do-malowania\/\"\n\t\t\t\t\t\t\t\t\t\t\ttarget=\"_blank\" class=\"social-icon\">\n\t\t\t\t\t\t\t\t\t\t\t<svg class='icon ' xmlns=\"http:\/\/www.w3.org\/2000\/svg\" viewBox=\"-295.4 388.6 16.8 16.8\"><path d=\"M-280.3 388.6h-13.4c-.9 0-1.7.8-1.7 1.7v13.4c0 .9.8 1.7 1.7 1.7h13.4c.9 0 1.7-.8 1.7-1.7v-13.4c0-.9-.8-1.7-1.7-1.7zm-10.1 14.3h-2.5v-7.6h2.5v7.6zm-1.2-9c-.8 0-1.5-.7-1.5-1.5s.7-1.5 1.5-1.5 1.5.7 1.5 1.5-.7 1.5-1.5 1.5zm10.5 9h-2.5v-4.5c0-.7-.6-1.3-1.3-1.3s-1.3.6-1.3 1.3v4.5h-2.5v-7.6h2.5v1c.4-.7 1.3-1.2 2.1-1.2 1.6 0 2.9 1.3 2.9 2.9v4.9z\" fill=\"#1e2c92\"\/><\/svg>\t\t\t\t\t\t\t\t\t\t<\/a>\n\t\t\t\t\t\t\t\t\t\t<a href=\"https:\/\/www.facebook.com\/sharer\/sharer.php?u=#url=https:\/\/tytan.com\/pl\/fachowa-wiedza\/jak-prawidlowo-przygotowac-sciany-do-malowania\/\"\n\t\t\t\t\t\t\t\t\t\t\ttarget=\"_blank\" class=\"social-icon\">\n\t\t\t\t\t\t\t\t\t\t\t<svg class='icon ' xmlns=\"http:\/\/www.w3.org\/2000\/svg\" viewBox=\"-295.4 388.6 16.8 16.8\"><path d=\"M-279.5 388.6h-14.9c-.5 0-.9.4-.9.9v14.9c0 .5.4.9.9.9h14.9c.5 0 .9-.4.9-.9v-14.9c0-.5-.4-.9-.9-.9z\" fill=\"#1e2c92\"\/><path d=\"M-283.8 405.4v-6.5h2.2l.3-2.5h-2.5v-1.6c0-.7.2-1.2 1.3-1.2h1.3v-2.3c-.2 0-1-.1-2-.1-1.9 0-3.3 1.2-3.3 3.4v1.9h-2.2v2.5h2.2v6.5h2.7z\" fill=\"#fff\"\/><\/svg>\t\t\t\t\t\t\t\t\t\t<\/a>\n\t\t\t\t\t\t\t\t\t\t<a href=\"mailto:http:\/\/pl@tytan.com\" target=\"_blank\"\n\t\t\t\t\t\t\t\t\t\t\tclass=\"social-icon\">\n\t\t\t\t\t\t\t\t\t\t\t<svg class='icon ' xmlns=\"http:\/\/www.w3.org\/2000\/svg\" viewBox=\"-290 388.6 16.8 16.8\"><path d=\"M-288.5 388.6h13.7c.8 0 1.5.9 1.5 1.9v13c0 1-.7 1.9-1.5 1.9h-13.7c-.8 0-1.5-.9-1.5-1.9v-13c0-1 .7-1.9 1.5-1.9z\" fill=\"#1e2c92\"\/><path d=\"M-275.6 394.8l-6 4.4-6-4.4\" fill=\"none\" stroke=\"#fff\" stroke-width=\"1.5\" stroke-linecap=\"round\" stroke-linejoin=\"round\"\/><\/svg>\t\t\t\t\t\t\t\t\t\t<\/a>\n\t\t\t\t\t\t\t\t\t<\/div>\n\t\t\t\t\t\t\t\t<\/div>\n\t\t\t\t\t\t\t\t<div class=\"socials-tools__item flex\">\n\t\t\t\t\t\t\t\t\t<div class=\"text hide-desktop\">\n\t\t\t\t\t\t\t\t\t\tDrukuj:\t\t\t\t\t\t\t\t\t<\/div>\n\t\t\t\t\t\t\t\t\t<div class=\"socials-tools__print mobile-no-padding\">\n\t\t\t\t\t\t\t\t\t\t<div class=\"printer-icon\">\n\t\t\t\t\t\t\t\t\t\t\t<span class=\"printomatic-icon\">\n\t\t\t\t\t\t\t\t\t\t\t\t<div class='printomatic pom-small-black ' id='id9671'  data-print_target='#print-main-container'><\/div>\t\t\t\t\t\t\t\t\t\t\t<\/span>\n\t\t\t\t\t\t\t\t\t\t\t<span class=\"custom-icon\">\n\t\t\t\t\t\t\t\t\t\t\t\t<svg class='icon ' width=\"20\" height=\"22\" viewBox=\"0 0 20 22\" fill=\"none\" xmlns=\"http:\/\/www.w3.org\/2000\/svg\"><path fill-rule=\"evenodd\" clip-rule=\"evenodd\" d=\"M6.182 14.273a.545.545 0 000 1.09h5.454a.545.545 0 000-1.09H6.182zM5.636 17c0-.301.244-.546.546-.546h7.636a.546.546 0 010 1.091H6.182A.546.546 0 015.636 17zm0 2.182c0-.301.244-.546.546-.546h7.636a.545.545 0 110 1.091H6.182a.545.545 0 01-.546-.545z\" fill=\"#1E2C92\"\/><path fill-rule=\"evenodd\" clip-rule=\"evenodd\" d=\"M3.454 1.182C3.454.579 3.943.09 4.545.09h10.91c.602 0 1.09.488 1.09 1.09v3.274h2.182a1.09 1.09 0 011.091 1.09v9.819a1.09 1.09 0 01-1.09 1.09h-2.183v4.364a1.09 1.09 0 01-1.09 1.091H4.544a1.09 1.09 0 01-1.09-1.09v-4.364H1.272a1.09 1.09 0 01-1.091-1.091V5.545c0-.602.488-1.09 1.09-1.09h2.182V1.182zm1.091 3.273h10.91V1.182H4.544v3.273zm-2.182 8.181c0-.3.245-.545.546-.545H17.09a.545.545 0 110 1.09h-1.637v7.637H4.545v-7.636H2.91a.545.545 0 01-.546-.546zm13.637-6a.545.545 0 100-1.09.545.545 0 000 1.09zm2.182 0a.545.545 0 100-1.09.545.545 0 000 1.09z\" fill=\"#1E2C92\"\/><\/svg>\t\t\t\t\t\t\t\t\t\t\t<\/span>\n\t\t\t\t\t\t\t\t\t\t<\/div>\n\t\t\t\t\t\t\t\t\t<\/div>\n\t\t\t\t\t\t\t\t<\/div>\n\t\t\t\t\t\t\t<\/div>\n\t\t\t\t\t\t<\/div>\n\t\t\t\t\t\t\t\t\t\t\t\t\t\t\t\t\t\t<section class=\"section-tags section-tags--no-padding\">\n\t\t\t\t\t\t\t<div class=\"section-tags__flex\">\n\t\t\t\t\t\t\t\t<h3 class=\"h5\">\n\t\t\t\t\t\t\t\t\tPowi\u0105zane tematy\t\t\t\t\t\t\t\t<\/h3>\n\t\t\t\t\t\t\t\t<ul class=\"list-tags\">\n\t\t\t\t\t\t\t\t\t\t\t\t\t\t\t\t\t\t<li class=\"list-tags__item\">\n\t\t\t\t\t\t\t\t\t\t<a class=\"hashtag\"\n\t\t\t\t\t\t\t\t\t\t\thref=\"https:\/\/tytan.com\/pl\/tag\/akryl\/\">\n\t\t\t\t\t\t\t\t\t\t\takryl\t\t\t\t\t\t\t\t\t\t<\/a>\n\t\t\t\t\t\t\t\t\t<\/li>\n\t\t\t\t\t\t\t\t\t\t\t\t\t\t\t\t\t\t<li class=\"list-tags__item\">\n\t\t\t\t\t\t\t\t\t\t<a class=\"hashtag\"\n\t\t\t\t\t\t\t\t\t\t\thref=\"https:\/\/tytan.com\/pl\/tag\/akryl-szpachlowy\/\">\n\t\t\t\t\t\t\t\t\t\t\takryl szpachlowy\t\t\t\t\t\t\t\t\t\t<\/a>\n\t\t\t\t\t\t\t\t\t<\/li>\n\t\t\t\t\t\t\t\t\t\t\t\t\t\t\t\t\t\t<li class=\"list-tags__item\">\n\t\t\t\t\t\t\t\t\t\t<a class=\"hashtag\"\n\t\t\t\t\t\t\t\t\t\t\thref=\"https:\/\/tytan.com\/pl\/tag\/naprawa-sciany\/\">\n\t\t\t\t\t\t\t\t\t\t\tnaprawa \u015bciany\t\t\t\t\t\t\t\t\t\t<\/a>\n\t\t\t\t\t\t\t\t\t<\/li>\n\t\t\t\t\t\t\t\t\t\t\t\t\t\t\t\t\t<\/ul>\n\t\t\t\t\t\t\t<\/div>\n\t\t\t\t\t\t<\/section>\n\t\t\t\t\t\t\t\t\t\t\t<\/section>\n\t\t\t\t\t<\/div>\n\t\t\t\t<\/div>\n\t\t\t\t<div class=\"col-12 col-md-4 col-lg-4 hide-xsmobile\">\n\t\t\t\t\t<div class=\"article-sidebar article-sidebar--sticky\">\n\t\t\t\t\t\t<div class=\"article-sidebar__content\">\n\t\t\t\t\t\t\t<div id=\"sticky-widget\" data-sticky data-margin-top=\"130\" data-margin-bottom=\"100\" data-sticky-class=\"is-sticky\">\n\t\t\t\t\t\t\t\t\n<div class=\"widget-newsletter__mobile-wrapper\">\n\t<div class=\"widget-newsletter__mobile-cta\">\n\t\t<div class=\"widget-newsletter__icon\">\n\t\t\t\t\t<\/div>\n\t\t<div class=\"widget-newsletter__title\">\n\t\t\tB\u0105d\u017a na bie\u017c\u0105co!\t\t<\/div>\n\t\t<button class=\"widget-newsletter__click-here\"><\/button>\n\t<\/div>\n\t<div class=\"widget-newsletter widget-alt margin-bottom-40\">\n\t\t<div class=\"widget-newsletter__container\">\n\t\t\t<div class=\"widget-newsletter__icon\">\n\t\t\t\t\t\t\t<\/div>\n\t\t\t<h3 class=\"widget-newsletter__title h4\">\n\t\t\t\tB\u0105d\u017a na bie\u017c\u0105co!\t\t\t<\/h3>\n\t\t\t<div class=\"widget-newsletter__subtitle\">\n\t\t\t\t<p><strong>Co miesi\u0105c<\/strong> praktyczne <strong>porady i inspiracje<\/strong> ze \u015bwiata budownictwa<\/p>\n\t\t\t<\/div>\n\t\t\t\t\t\t\t<div class=\"nl-widget\">\n\t\t\t\t\t\n<div class=\"wpcf7 no-js\" id=\"wpcf7-f12309-o1\" lang=\"bg-BG\" dir=\"ltr\" data-wpcf7-id=\"12309\">\n<div class=\"screen-reader-response\"><p role=\"status\" aria-live=\"polite\" aria-atomic=\"true\"><\/p> <ul><\/ul><\/div>\n<form action=\"\/pl\/wp-json\/wp\/v2\/cpt-advice\/228337#wpcf7-f12309-o1\" method=\"post\" class=\"wpcf7-form init wpcf7-acceptance-as-validation cf7mls-no-scroll cf7mls-auto-return-first-step cf7mls-no-moving-animation\" aria-label=\"Contact form\" novalidate=\"novalidate\" data-status=\"init\">\n<fieldset class=\"hidden-fields-container\"><input type=\"hidden\" name=\"_wpcf7\" value=\"12309\" \/><input type=\"hidden\" name=\"_wpcf7_version\" value=\"6.1.5\" \/><input type=\"hidden\" name=\"_wpcf7_locale\" value=\"bg_BG\" \/><input type=\"hidden\" name=\"_wpcf7_unit_tag\" value=\"wpcf7-f12309-o1\" \/><input type=\"hidden\" name=\"_wpcf7_container_post\" value=\"0\" \/><input type=\"hidden\" name=\"_wpcf7_posted_data_hash\" value=\"\" \/><input type=\"hidden\" name=\"_wpcf7_recaptcha_response\" value=\"\" \/>\n<\/fieldset>\n<div class=\"basic-form\">\n\t<h4 class=\"basic-form__h4\">Do\u0142\u0105cz do Newslettera<\/h4>\n\t<div class=\"basic-form__item\">\n\t\t<span class=\"wpcf7-form-control-wrap\" data-name=\"your-name\"><input size=\"40\" maxlength=\"400\" class=\"wpcf7-form-control wpcf7-text wpcf7-validates-as-required form-control\" aria-required=\"true\" aria-invalid=\"false\" placeholder=\"&nbsp;\" value=\"\" type=\"text\" name=\"your-name\" \/><\/span>\n\t\t<label class=\"basic-form__label\">Imi\u0119 i nazwisko<span class=\"basic-form__label-icon\">*<\/span><\/label>\n\t\t<div class=\"basic-form__bg\"><\/div>\n\t<\/div>\n\t<div class=\"basic-form__item\">\n\t\t<span class=\"wpcf7-form-control-wrap\" data-name=\"email\"><input size=\"40\" maxlength=\"400\" class=\"wpcf7-form-control wpcf7-email wpcf7-validates-as-required wpcf7-text wpcf7-validates-as-email form-control\" aria-required=\"true\" aria-invalid=\"false\" placeholder=\"&nbsp;\" value=\"\" type=\"email\" name=\"email\" \/><\/span>\n\t\t<label class=\"basic-form__label\">Adres E-mail<span class=\"basic-form__label-icon\">*<\/span><\/label>\n\t\t<div class=\"basic-form__bg\"><\/div>\n\t<\/div>\n\t<div class=\"basic-form__item\">\n\t\t<span class=\"wpcf7-form-control-wrap\" data-name=\"profession-name\"><input size=\"40\" maxlength=\"400\" class=\"wpcf7-form-control wpcf7-text wpcf7-validates-as-required form-control\" aria-required=\"true\" aria-invalid=\"false\" placeholder=\"&nbsp;\" value=\"\" type=\"text\" name=\"profession-name\" \/><\/span>\n\t\t<label class=\"basic-form__label\">Wykonywany zaw\u00f3d<\/span><span class=\"basic-form__label-icon\">*<\/span><span class=\"smaller\"> (np.: dekarz)<\/label>\n\t\t<div class=\"basic-form__bg\"><\/div>\n\t<\/div>\n\t<div id=\"os-check\" class=\"os-check929 os-check rights\">\n\t\t<p class=\"rights_head\">\n\t\t\tAdministratorem danych jest Selena S.A. z siedzib\u0105 we Wroc\u0142awiu, przy ul. Legnickiej 48A, 54-202 Wroc\u0142aw. Twoje dane osobowe przetwarzamy w celu przedstawienia oferty oraz <span class=\"show-more-dots\">&#8230;<\/span><button type=\"button\" class=\"js-acceptance-show\">Wi\u0119cej<\/button><span>realizowania naszych prawnie uzasadnionych interes\u00f3w opisanych Polityce prywatno\u015bci. Wyra\u017cone zgody mo\u017cesz w ka\u017cdej chwili wycofa\u0107. Masz prawo dost\u0119pu do tre\u015bci swoich danych oraz prawo ich sprostowania, usuni\u0119cia, ograniczenia przetwarzania, prawo do sprzeciwu wobec przetwarzania, prawo do przenoszenia danych, a tak\u017ce prawo do wniesienia skargi do Prezesa Urz\u0119du Ochrony Danych Osobowych. Szczeg\u00f3\u0142owe informacje dotycz\u0105ce przetwarzania danych osobowych znajduj\u0105 si\u0119 w Polityce Prywatno\u015bci. Zawsze mo\u017cesz skontaktowa\u0107 si\u0119 z nami poprzez e-mail: rodo@selena.com<\/span> <button type=\"button\" class=\"js-acceptance-hide\">Mniej<\/button><\/p>\n\t\t<span class=\"wpcf7-form-control-wrap\" data-name=\"os-check-all\"><span class=\"wpcf7-form-control wpcf7-acceptance optional\"><span class=\"wpcf7-list-item\"><label><input type=\"checkbox\" name=\"os-check-all\" value=\"1\" class=\"os-check-all\" id=\"os-check-all\" aria-invalid=\"false\" \/><span class=\"wpcf7-list-item-label\">Zaznacz wszystko<\/span><\/label><\/span><\/span><\/span>\n\t\t<span class=\"wpcf7-form-control-wrap\" data-name=\"gr4wp_PROCESSING\"><span class=\"wpcf7-form-control wpcf7-acceptance\"><span class=\"wpcf7-list-item\"><label><input type=\"checkbox\" name=\"gr4wp_PROCESSING\" value=\"1\" class=\"os-tac\" id=\"2634\" aria-invalid=\"false\" \/><span class=\"wpcf7-list-item-label\"><span class=\"rights-required\">*<\/span> Wyra\u017cam zgod\u0119 na przetwarzanie moich danych osobowych podanych w formularzu w celu umo\u017cliwienia kontaktu przez Selena S.A. z siedzib\u0105 we Wroc\u0142awiu <span class=\"show-more-dots\">&#8230;<\/span><button type=\"button\" class=\"js-acceptance-show\">Wi\u0119cej<\/button><span> (dalej: Sp\u00f3\u0142ka lub Administrator), kt\u00f3ra to Sp\u00f3\u0142ka b\u0119dzie administratorem moich danych osobowych. Wyra\u017cenie zgody jest dobrowolne, jednak jest niezb\u0119dne, aby\u015bmy mogli skontaktowa\u0107 si\u0119 z Tob\u0105 po wype\u0142nieniu formularza kontaktowego. <\/span> <button type=\"button\" class=\"js-acceptance-hide\">Mniej<\/button><\/span><\/label><\/span><\/span><\/span>\n\t\t<span class=\"wpcf7-form-control-wrap\" data-name=\"gr4wp_EMAIL_MARKETING_CONSENT\"><span class=\"wpcf7-form-control wpcf7-acceptance optional\"><span class=\"wpcf7-list-item\"><label><input type=\"checkbox\" name=\"gr4wp_EMAIL_MARKETING_CONSENT\" value=\"1\" class=\"os-tac\" id=\"2589\" aria-invalid=\"false\" \/><span class=\"wpcf7-list-item-label\">Wyra\u017cam zgod\u0119, aby Selena S.A. przesy\u0142a\u0142a wiadomo\u015bci marketingowe na podany przeze mnie adres e-mail.<\/span><\/label><\/span><\/span><\/span>\n\t\t<span class=\"wpcf7-form-control-wrap\" data-name=\"gr4wp_PHONEMARKETINGCONSENT\"><span class=\"wpcf7-form-control wpcf7-acceptance optional\"><span class=\"wpcf7-list-item\"><label><input type=\"checkbox\" name=\"gr4wp_PHONEMARKETINGCONSENT\" value=\"1\" class=\"os-tac\" id=\"2588\" aria-invalid=\"false\" \/><span class=\"wpcf7-list-item-label\">Wyra\u017cam zgod\u0119, aby Selena S.A. kontaktowa\u0142a si\u0119 ze mn\u0105 w celach marketingowych na podany przeze mnie numer telefonu (rozmowy, SMS, MMS).<\/span><\/label><\/span><\/span><\/span>\n\t<\/div>\n\t<div class=\"form-send\">\n\t\t<input class=\"wpcf7-form-control wpcf7-submit has-spinner btn btn-secondary btn-full\" id=\"send\" type=\"submit\" value=\"Zapisz si\u0119\" \/>\n\t<\/div>\n<\/div><div class=\"wpcf7-response-output\" aria-hidden=\"true\"><\/div>\n<\/form>\n<\/div>\n\t\t\t\t<\/div>\n\t\t\t\t\t\t<\/div>\n\t\t<div class=\"widget-newsletter__close-modal\"><\/div>\n\t<\/div>\n<\/div>\n\t\t\t\t\t\t\t<\/div>\n\t\t\t\t\t\t<\/div>\n\t\t\t\t\t<\/div>\n\t\t\t\t<\/div>\n\t\t\t<\/div>\n\t\t<\/div>\n\t\t<div class=\"article-sidebar-mobile\">\n\t\t\t\n<div class=\"widget-newsletter__mobile-wrapper\">\n\t<div class=\"widget-newsletter__mobile-cta\">\n\t\t<div class=\"widget-newsletter__icon\">\n\t\t\t\t\t<\/div>\n\t\t<div class=\"widget-newsletter__title\">\n\t\t\tB\u0105d\u017a na bie\u017c\u0105co!\t\t<\/div>\n\t\t<button class=\"widget-newsletter__click-here\"><\/button>\n\t<\/div>\n\t<div class=\"widget-newsletter widget-alt margin-bottom-40\">\n\t\t<div class=\"widget-newsletter__container\">\n\t\t\t<div class=\"widget-newsletter__icon\">\n\t\t\t\t\t\t\t<\/div>\n\t\t\t<h3 class=\"widget-newsletter__title h4\">\n\t\t\t\tB\u0105d\u017a na bie\u017c\u0105co!\t\t\t<\/h3>\n\t\t\t<div class=\"widget-newsletter__subtitle\">\n\t\t\t\t<p><strong>Co miesi\u0105c<\/strong> praktyczne <strong>porady i inspiracje<\/strong> ze \u015bwiata budownictwa<\/p>\n\t\t\t<\/div>\n\t\t\t\t\t\t\t<div class=\"nl-widget\">\n\t\t\t\t\t\n<div class=\"wpcf7 no-js\" id=\"wpcf7-f12309-o2\" lang=\"bg-BG\" dir=\"ltr\" data-wpcf7-id=\"12309\">\n<div class=\"screen-reader-response\"><p role=\"status\" aria-live=\"polite\" aria-atomic=\"true\"><\/p> <ul><\/ul><\/div>\n<form action=\"\/pl\/wp-json\/wp\/v2\/cpt-advice\/228337#wpcf7-f12309-o2\" method=\"post\" class=\"wpcf7-form init wpcf7-acceptance-as-validation cf7mls-no-scroll cf7mls-auto-return-first-step cf7mls-no-moving-animation\" aria-label=\"Contact form\" novalidate=\"novalidate\" data-status=\"init\">\n<fieldset class=\"hidden-fields-container\"><input type=\"hidden\" name=\"_wpcf7\" value=\"12309\" \/><input type=\"hidden\" name=\"_wpcf7_version\" value=\"6.1.5\" \/><input type=\"hidden\" name=\"_wpcf7_locale\" value=\"bg_BG\" \/><input type=\"hidden\" name=\"_wpcf7_unit_tag\" value=\"wpcf7-f12309-o2\" \/><input type=\"hidden\" name=\"_wpcf7_container_post\" value=\"0\" \/><input type=\"hidden\" name=\"_wpcf7_posted_data_hash\" value=\"\" \/><input type=\"hidden\" name=\"_wpcf7_recaptcha_response\" value=\"\" \/>\n<\/fieldset>\n<div class=\"basic-form\">\n\t<h4 class=\"basic-form__h4\">Do\u0142\u0105cz do Newslettera<\/h4>\n\t<div class=\"basic-form__item\">\n\t\t<span class=\"wpcf7-form-control-wrap\" data-name=\"your-name\"><input size=\"40\" maxlength=\"400\" class=\"wpcf7-form-control wpcf7-text wpcf7-validates-as-required form-control\" aria-required=\"true\" aria-invalid=\"false\" placeholder=\"&nbsp;\" value=\"\" type=\"text\" name=\"your-name\" \/><\/span>\n\t\t<label class=\"basic-form__label\">Imi\u0119 i nazwisko<span class=\"basic-form__label-icon\">*<\/span><\/label>\n\t\t<div class=\"basic-form__bg\"><\/div>\n\t<\/div>\n\t<div class=\"basic-form__item\">\n\t\t<span class=\"wpcf7-form-control-wrap\" data-name=\"email\"><input size=\"40\" maxlength=\"400\" class=\"wpcf7-form-control wpcf7-email wpcf7-validates-as-required wpcf7-text wpcf7-validates-as-email form-control\" aria-required=\"true\" aria-invalid=\"false\" placeholder=\"&nbsp;\" value=\"\" type=\"email\" name=\"email\" \/><\/span>\n\t\t<label class=\"basic-form__label\">Adres E-mail<span class=\"basic-form__label-icon\">*<\/span><\/label>\n\t\t<div class=\"basic-form__bg\"><\/div>\n\t<\/div>\n\t<div class=\"basic-form__item\">\n\t\t<span class=\"wpcf7-form-control-wrap\" data-name=\"profession-name\"><input size=\"40\" maxlength=\"400\" class=\"wpcf7-form-control wpcf7-text wpcf7-validates-as-required form-control\" aria-required=\"true\" aria-invalid=\"false\" placeholder=\"&nbsp;\" value=\"\" type=\"text\" name=\"profession-name\" \/><\/span>\n\t\t<label class=\"basic-form__label\">Wykonywany zaw\u00f3d<\/span><span class=\"basic-form__label-icon\">*<\/span><span class=\"smaller\"> (np.: dekarz)<\/label>\n\t\t<div class=\"basic-form__bg\"><\/div>\n\t<\/div>\n\t<div id=\"os-check\" class=\"os-check929 os-check rights\">\n\t\t<p class=\"rights_head\">\n\t\t\tAdministratorem danych jest Selena S.A. z siedzib\u0105 we Wroc\u0142awiu, przy ul. Legnickiej 48A, 54-202 Wroc\u0142aw. Twoje dane osobowe przetwarzamy w celu przedstawienia oferty oraz <span class=\"show-more-dots\">&#8230;<\/span><button type=\"button\" class=\"js-acceptance-show\">Wi\u0119cej<\/button><span>realizowania naszych prawnie uzasadnionych interes\u00f3w opisanych Polityce prywatno\u015bci. Wyra\u017cone zgody mo\u017cesz w ka\u017cdej chwili wycofa\u0107. Masz prawo dost\u0119pu do tre\u015bci swoich danych oraz prawo ich sprostowania, usuni\u0119cia, ograniczenia przetwarzania, prawo do sprzeciwu wobec przetwarzania, prawo do przenoszenia danych, a tak\u017ce prawo do wniesienia skargi do Prezesa Urz\u0119du Ochrony Danych Osobowych. Szczeg\u00f3\u0142owe informacje dotycz\u0105ce przetwarzania danych osobowych znajduj\u0105 si\u0119 w Polityce Prywatno\u015bci. Zawsze mo\u017cesz skontaktowa\u0107 si\u0119 z nami poprzez e-mail: rodo@selena.com<\/span> <button type=\"button\" class=\"js-acceptance-hide\">Mniej<\/button><\/p>\n\t\t<span class=\"wpcf7-form-control-wrap\" data-name=\"os-check-all\"><span class=\"wpcf7-form-control wpcf7-acceptance optional\"><span class=\"wpcf7-list-item\"><label><input type=\"checkbox\" name=\"os-check-all\" value=\"1\" class=\"os-check-all\" aria-invalid=\"false\" \/><span class=\"wpcf7-list-item-label\">Zaznacz wszystko<\/span><\/label><\/span><\/span><\/span>\n\t\t<span class=\"wpcf7-form-control-wrap\" data-name=\"gr4wp_PROCESSING\"><span class=\"wpcf7-form-control wpcf7-acceptance\"><span class=\"wpcf7-list-item\"><label><input type=\"checkbox\" name=\"gr4wp_PROCESSING\" value=\"1\" class=\"os-tac\" aria-invalid=\"false\" \/><span class=\"wpcf7-list-item-label\"><span class=\"rights-required\">*<\/span> Wyra\u017cam zgod\u0119 na przetwarzanie moich danych osobowych podanych w formularzu w celu umo\u017cliwienia kontaktu przez Selena S.A. z siedzib\u0105 we Wroc\u0142awiu <span class=\"show-more-dots\">&#8230;<\/span><button type=\"button\" class=\"js-acceptance-show\">Wi\u0119cej<\/button><span> (dalej: Sp\u00f3\u0142ka lub Administrator), kt\u00f3ra to Sp\u00f3\u0142ka b\u0119dzie administratorem moich danych osobowych. Wyra\u017cenie zgody jest dobrowolne, jednak jest niezb\u0119dne, aby\u015bmy mogli skontaktowa\u0107 si\u0119 z Tob\u0105 po wype\u0142nieniu formularza kontaktowego. <\/span> <button type=\"button\" class=\"js-acceptance-hide\">Mniej<\/button><\/span><\/label><\/span><\/span><\/span>\n\t\t<span class=\"wpcf7-form-control-wrap\" data-name=\"gr4wp_EMAIL_MARKETING_CONSENT\"><span class=\"wpcf7-form-control wpcf7-acceptance optional\"><span class=\"wpcf7-list-item\"><label><input type=\"checkbox\" name=\"gr4wp_EMAIL_MARKETING_CONSENT\" value=\"1\" class=\"os-tac\" aria-invalid=\"false\" \/><span class=\"wpcf7-list-item-label\">Wyra\u017cam zgod\u0119, aby Selena S.A. przesy\u0142a\u0142a wiadomo\u015bci marketingowe na podany przeze mnie adres e-mail.<\/span><\/label><\/span><\/span><\/span>\n\t\t<span class=\"wpcf7-form-control-wrap\" data-name=\"gr4wp_PHONEMARKETINGCONSENT\"><span class=\"wpcf7-form-control wpcf7-acceptance optional\"><span class=\"wpcf7-list-item\"><label><input type=\"checkbox\" name=\"gr4wp_PHONEMARKETINGCONSENT\" value=\"1\" class=\"os-tac\" aria-invalid=\"false\" \/><span class=\"wpcf7-list-item-label\">Wyra\u017cam zgod\u0119, aby Selena S.A. kontaktowa\u0142a si\u0119 ze mn\u0105 w celach marketingowych na podany przeze mnie numer telefonu (rozmowy, SMS, MMS).<\/span><\/label><\/span><\/span><\/span>\n\t<\/div>\n\t<div class=\"form-send\">\n\t\t<input class=\"wpcf7-form-control wpcf7-submit has-spinner btn btn-secondary btn-full\" type=\"submit\" value=\"Zapisz si\u0119\" \/>\n\t<\/div>\n<\/div><div class=\"wpcf7-response-output\" aria-hidden=\"true\"><\/div>\n<\/form>\n<\/div>\n\t\t\t\t<\/div>\n\t\t\t\t\t\t<\/div>\n\t\t<div class=\"widget-newsletter__close-modal\"><\/div>\n\t<\/div>\n<\/div>\n\t\t<\/div>\n\t\t\n\n\n<p><\/p>\n","protected":false},"excerpt":{"rendered":"<p>Remont to nie tylko od\u015bwie\u017cenie wn\u0119trza, ale przede wszystkim etap, w kt\u00f3rym usuwamy niedoskona\u0142o\u015bci \u015bcian. To w\u0142a\u015bnie wtedy wype\u0142nia si\u0119 ubytki, maskuje \u015blady po wkr\u0119tach, naprawia p\u0119kni\u0119cia oraz uszczelnia szczeliny przy o\u015bcie\u017cnicach czy listwach przypod\u0142ogowych.<br \/>\nAby jednak efekt ko\u0144cowy by\u0142 estetyczny, kluczowe jest nie tylko wykonanie tych prac, ale tak\u017ce w\u0142a\u015bciwe przygotowanie powierzchni do malowania. To moment, w kt\u00f3rym liczy si\u0119 precyzja i dob\u00f3r odpowiednich materia\u0142\u00f3w.<br \/>\nDobra wiadomo\u015b\u0107: wi\u0119kszo\u015b\u0107 takich napraw mo\u017cna wykona\u0107 sprawnie i bez wieloetapowego szpachlowania. Kluczem jest w\u0142a\u015bciwy dob\u00f3r rozwi\u0105zania \u2013 odpowiedni akryl do \u015bcian powinien by\u0107 dopasowany do rodzaju uszkodzenia i etapu prac.<\/p>\n","protected":false},"author":73,"featured_media":228340,"template":"page-gutenberg-single.php","meta":{"_acf_changed":true},"categories":[181,323],"tags":[364,488,490],"class_list":["post-228337","cpt-advice","type-cpt-advice","status-publish","has-post-thumbnail","hentry","category-drobne-naprawy","category-wykonczenie-wnetrz","tag-akryl","tag-akryl-szpachlowy","tag-naprawa-sciany"],"acf":{"main_vbm":"HYB"},"yoast_head":"<!-- This site is optimized with the Yoast SEO Premium plugin v27.2 (Yoast SEO v27.2) - https:\/\/yoast.com\/product\/yoast-seo-premium-wordpress\/ -->\n<title>Jak prawid\u0142owo przygotowa\u0107 \u015bciany do malowania<\/title>\n<meta name=\"description\" content=\"Sprawd\u017a, jaki akryl do \u015bcian wybra\u0107 do ubytk\u00f3w, p\u0119kni\u0119\u0107 i listew. Dowiedz si\u0119, jak przygotowa\u0107 powierzchni\u0119 do malowania i unikn\u0105\u0107 b\u0142\u0119d\u00f3w.\" \/>\n<meta name=\"robots\" content=\"index, follow, max-snippet:-1, max-image-preview:large, max-video-preview:-1\" \/>\n<link rel=\"canonical\" href=\"https:\/\/tytan.com\/pl\/fachowa-wiedza\/jak-prawidlowo-przygotowac-sciany-do-malowania\/\" \/>\n<meta property=\"og:locale\" content=\"pl_PL\" \/>\n<meta property=\"og:type\" content=\"article\" \/>\n<meta property=\"og:title\" content=\"\ud83d\udc49 Jak przyklei\u0107 p\u0142yty z betonu architektonicznego na \u015bcian\u0119?\" \/>\n<meta property=\"og:description\" content=\"Czy mo\u017cna zamontowa\u0107 dekoracyjny beton architektoniczny na \u015bcian\u0119 bez wiercenia? FIX\u00b2 Turbo GT - hybrydowy klej monta\u017cowy.\" \/>\n<meta property=\"og:url\" content=\"https:\/\/tytan.com\/pl\/fachowa-wiedza\/jak-prawidlowo-przygotowac-sciany-do-malowania\/\" \/>\n<meta property=\"og:site_name\" content=\"Tytan Professional Polska\" \/>\n<meta property=\"article:publisher\" content=\"https:\/\/www.facebook.com\/TytanProfessionalPolska\/\" \/>\n<meta property=\"article:modified_time\" content=\"2026-04-29T07:36:47+00:00\" \/>\n<meta property=\"og:image\" content=\"https:\/\/tytan-cdn.tytan.com\/uploads\/sites\/53\/2024\/10\/TYTAN_Article_Banner_EN_3-1-7.png\" \/>\n\t<meta property=\"og:image:width\" content=\"1608\" \/>\n\t<meta property=\"og:image:height\" content=\"663\" \/>\n\t<meta property=\"og:image:type\" content=\"image\/png\" \/>\n<meta name=\"twitter:card\" content=\"summary_large_image\" \/>\n<meta name=\"twitter:title\" content=\"\ud83d\udc49 Jak przyklei\u0107 p\u0142yty z betonu architektonicznego na \u015bcian\u0119?\" \/>\n<meta name=\"twitter:description\" content=\"Czy mo\u017cna zamontowa\u0107 dekoracyjny beton architektoniczny na \u015bcian\u0119 bez wiercenia? FIX\u00b2 Turbo GT - hybrydowy klej monta\u017cowy.\" \/>\n<meta name=\"twitter:image\" content=\"https:\/\/tytan-cdn.tytan.com\/uploads\/sites\/53\/2024\/10\/TYTAN_Article_Banner_EN_3-1-7.png\" \/>\n<meta name=\"twitter:label1\" content=\"Szacowany czas czytania\" \/>\n\t<meta name=\"twitter:data1\" content=\"12 minut\" \/>\n<script type=\"application\/ld+json\" class=\"yoast-schema-graph\">{\"@context\":\"https:\/\/schema.org\",\"@graph\":[{\"@type\":\"WebPage\",\"@id\":\"https:\/\/tytan.com\/pl\/fachowa-wiedza\/jak-prawidlowo-przygotowac-sciany-do-malowania\/\",\"url\":\"https:\/\/tytan.com\/pl\/fachowa-wiedza\/jak-prawidlowo-przygotowac-sciany-do-malowania\/\",\"name\":\"Jak prawid\u0142owo przygotowa\u0107 \u015bciany do malowania\",\"isPartOf\":{\"@id\":\"https:\/\/tytan.com\/pl\/#website\"},\"primaryImageOfPage\":{\"@id\":\"https:\/\/tytan.com\/pl\/fachowa-wiedza\/jak-prawidlowo-przygotowac-sciany-do-malowania\/#primaryimage\"},\"image\":{\"@id\":\"https:\/\/tytan.com\/pl\/fachowa-wiedza\/jak-prawidlowo-przygotowac-sciany-do-malowania\/#primaryimage\"},\"thumbnailUrl\":\"https:\/\/tytan-cdn.tytan.com\/uploads\/sites\/53\/2026\/04\/TYTAN_Article_Akryl-szpachlowy-1.png\",\"datePublished\":\"2026-04-28T12:44:52+00:00\",\"dateModified\":\"2026-04-29T07:36:47+00:00\",\"description\":\"Sprawd\u017a, jaki akryl do \u015bcian wybra\u0107 do ubytk\u00f3w, p\u0119kni\u0119\u0107 i listew. Dowiedz si\u0119, jak przygotowa\u0107 powierzchni\u0119 do malowania i unikn\u0105\u0107 b\u0142\u0119d\u00f3w.\",\"breadcrumb\":{\"@id\":\"https:\/\/tytan.com\/pl\/fachowa-wiedza\/jak-prawidlowo-przygotowac-sciany-do-malowania\/#breadcrumb\"},\"inLanguage\":\"pl-PL\",\"potentialAction\":[{\"@type\":\"ReadAction\",\"target\":[\"https:\/\/tytan.com\/pl\/fachowa-wiedza\/jak-prawidlowo-przygotowac-sciany-do-malowania\/\"]}]},{\"@type\":\"ImageObject\",\"inLanguage\":\"pl-PL\",\"@id\":\"https:\/\/tytan.com\/pl\/fachowa-wiedza\/jak-prawidlowo-przygotowac-sciany-do-malowania\/#primaryimage\",\"url\":\"https:\/\/tytan-cdn.tytan.com\/uploads\/sites\/53\/2026\/04\/TYTAN_Article_Akryl-szpachlowy-1.png\",\"contentUrl\":\"https:\/\/tytan-cdn.tytan.com\/uploads\/sites\/53\/2026\/04\/TYTAN_Article_Akryl-szpachlowy-1.png\",\"width\":1608,\"height\":663},{\"@type\":\"BreadcrumbList\",\"@id\":\"https:\/\/tytan.com\/pl\/fachowa-wiedza\/jak-prawidlowo-przygotowac-sciany-do-malowania\/#breadcrumb\",\"itemListElement\":[{\"@type\":\"ListItem\",\"position\":1,\"name\":\"Home\",\"item\":\"https:\/\/tytan.com\/pl\/\"},{\"@type\":\"ListItem\",\"position\":2,\"name\":\"Fachowa wiedza\",\"item\":\"https:\/\/tytan.com\/pl\/fachowa-wiedza\/\"},{\"@type\":\"ListItem\",\"position\":3,\"name\":\"P\u0119kni\u0119cia, ubytki i szczeliny \u2013 jak prawid\u0142owo przygotowa\u0107 \u015bciany do malowania?\"}]},{\"@type\":\"WebSite\",\"@id\":\"https:\/\/tytan.com\/pl\/#website\",\"url\":\"https:\/\/tytan.com\/pl\/\",\"name\":\"Tytan Professional Polska\",\"description\":\"Marka Tytan oferuje innowacyjne produkty budowlane. Wszystko od tynk\u00f3w, zapraw a\u017c po kompleksowe systemy ocieple\u0144.\",\"potentialAction\":[{\"@type\":\"SearchAction\",\"target\":{\"@type\":\"EntryPoint\",\"urlTemplate\":\"https:\/\/tytan.com\/pl\/?s={search_term_string}\"},\"query-input\":{\"@type\":\"PropertyValueSpecification\",\"valueRequired\":true,\"valueName\":\"search_term_string\"}}],\"inLanguage\":\"pl-PL\"}]}<\/script>\n<!-- \/ Yoast SEO Premium plugin. -->","yoast_head_json":{"title":"Jak prawid\u0142owo przygotowa\u0107 \u015bciany do malowania","description":"Sprawd\u017a, jaki akryl do \u015bcian wybra\u0107 do ubytk\u00f3w, p\u0119kni\u0119\u0107 i listew. Dowiedz si\u0119, jak przygotowa\u0107 powierzchni\u0119 do malowania i unikn\u0105\u0107 b\u0142\u0119d\u00f3w.","robots":{"index":"index","follow":"follow","max-snippet":"max-snippet:-1","max-image-preview":"max-image-preview:large","max-video-preview":"max-video-preview:-1"},"canonical":"https:\/\/tytan.com\/pl\/fachowa-wiedza\/jak-prawidlowo-przygotowac-sciany-do-malowania\/","og_locale":"pl_PL","og_type":"article","og_title":"\ud83d\udc49 Jak przyklei\u0107 p\u0142yty z betonu architektonicznego na \u015bcian\u0119?","og_description":"Czy mo\u017cna zamontowa\u0107 dekoracyjny beton architektoniczny na \u015bcian\u0119 bez wiercenia? FIX\u00b2 Turbo GT - hybrydowy klej monta\u017cowy.","og_url":"https:\/\/tytan.com\/pl\/fachowa-wiedza\/jak-prawidlowo-przygotowac-sciany-do-malowania\/","og_site_name":"Tytan Professional Polska","article_publisher":"https:\/\/www.facebook.com\/TytanProfessionalPolska\/","article_modified_time":"2026-04-29T07:36:47+00:00","og_image":[{"width":1608,"height":663,"url":"https:\/\/tytan-cdn.tytan.com\/uploads\/sites\/53\/2024\/10\/TYTAN_Article_Banner_EN_3-1-7.png","type":"image\/png"}],"twitter_card":"summary_large_image","twitter_title":"\ud83d\udc49 Jak przyklei\u0107 p\u0142yty z betonu architektonicznego na \u015bcian\u0119?","twitter_description":"Czy mo\u017cna zamontowa\u0107 dekoracyjny beton architektoniczny na \u015bcian\u0119 bez wiercenia? FIX\u00b2 Turbo GT - hybrydowy klej monta\u017cowy.","twitter_image":"https:\/\/tytan-cdn.tytan.com\/uploads\/sites\/53\/2024\/10\/TYTAN_Article_Banner_EN_3-1-7.png","twitter_misc":{"Szacowany czas czytania":"12 minut"},"schema":{"@context":"https:\/\/schema.org","@graph":[{"@type":"WebPage","@id":"https:\/\/tytan.com\/pl\/fachowa-wiedza\/jak-prawidlowo-przygotowac-sciany-do-malowania\/","url":"https:\/\/tytan.com\/pl\/fachowa-wiedza\/jak-prawidlowo-przygotowac-sciany-do-malowania\/","name":"Jak prawid\u0142owo przygotowa\u0107 \u015bciany do malowania","isPartOf":{"@id":"https:\/\/tytan.com\/pl\/#website"},"primaryImageOfPage":{"@id":"https:\/\/tytan.com\/pl\/fachowa-wiedza\/jak-prawidlowo-przygotowac-sciany-do-malowania\/#primaryimage"},"image":{"@id":"https:\/\/tytan.com\/pl\/fachowa-wiedza\/jak-prawidlowo-przygotowac-sciany-do-malowania\/#primaryimage"},"thumbnailUrl":"https:\/\/tytan-cdn.tytan.com\/uploads\/sites\/53\/2026\/04\/TYTAN_Article_Akryl-szpachlowy-1.png","datePublished":"2026-04-28T12:44:52+00:00","dateModified":"2026-04-29T07:36:47+00:00","description":"Sprawd\u017a, jaki akryl do \u015bcian wybra\u0107 do ubytk\u00f3w, p\u0119kni\u0119\u0107 i listew. Dowiedz si\u0119, jak przygotowa\u0107 powierzchni\u0119 do malowania i unikn\u0105\u0107 b\u0142\u0119d\u00f3w.","breadcrumb":{"@id":"https:\/\/tytan.com\/pl\/fachowa-wiedza\/jak-prawidlowo-przygotowac-sciany-do-malowania\/#breadcrumb"},"inLanguage":"pl-PL","potentialAction":[{"@type":"ReadAction","target":["https:\/\/tytan.com\/pl\/fachowa-wiedza\/jak-prawidlowo-przygotowac-sciany-do-malowania\/"]}]},{"@type":"ImageObject","inLanguage":"pl-PL","@id":"https:\/\/tytan.com\/pl\/fachowa-wiedza\/jak-prawidlowo-przygotowac-sciany-do-malowania\/#primaryimage","url":"https:\/\/tytan-cdn.tytan.com\/uploads\/sites\/53\/2026\/04\/TYTAN_Article_Akryl-szpachlowy-1.png","contentUrl":"https:\/\/tytan-cdn.tytan.com\/uploads\/sites\/53\/2026\/04\/TYTAN_Article_Akryl-szpachlowy-1.png","width":1608,"height":663},{"@type":"BreadcrumbList","@id":"https:\/\/tytan.com\/pl\/fachowa-wiedza\/jak-prawidlowo-przygotowac-sciany-do-malowania\/#breadcrumb","itemListElement":[{"@type":"ListItem","position":1,"name":"Home","item":"https:\/\/tytan.com\/pl\/"},{"@type":"ListItem","position":2,"name":"Fachowa wiedza","item":"https:\/\/tytan.com\/pl\/fachowa-wiedza\/"},{"@type":"ListItem","position":3,"name":"P\u0119kni\u0119cia, ubytki i szczeliny \u2013 jak prawid\u0142owo przygotowa\u0107 \u015bciany do malowania?"}]},{"@type":"WebSite","@id":"https:\/\/tytan.com\/pl\/#website","url":"https:\/\/tytan.com\/pl\/","name":"Tytan Professional Polska","description":"Marka Tytan oferuje innowacyjne produkty budowlane. Wszystko od tynk\u00f3w, zapraw a\u017c po kompleksowe systemy ocieple\u0144.","potentialAction":[{"@type":"SearchAction","target":{"@type":"EntryPoint","urlTemplate":"https:\/\/tytan.com\/pl\/?s={search_term_string}"},"query-input":{"@type":"PropertyValueSpecification","valueRequired":true,"valueName":"search_term_string"}}],"inLanguage":"pl-PL"}]}},"_links":{"self":[{"href":"https:\/\/tytan.com\/pl\/wp-json\/wp\/v2\/cpt-advice\/228337","targetHints":{"allow":["GET"]}}],"collection":[{"href":"https:\/\/tytan.com\/pl\/wp-json\/wp\/v2\/cpt-advice"}],"about":[{"href":"https:\/\/tytan.com\/pl\/wp-json\/wp\/v2\/types\/cpt-advice"}],"author":[{"embeddable":true,"href":"https:\/\/tytan.com\/pl\/wp-json\/wp\/v2\/users\/73"}],"wp:featuredmedia":[{"embeddable":true,"href":"https:\/\/tytan.com\/pl\/wp-json\/wp\/v2\/media\/228340"}],"wp:attachment":[{"href":"https:\/\/tytan.com\/pl\/wp-json\/wp\/v2\/media?parent=228337"}],"wp:term":[{"taxonomy":"category","embeddable":true,"href":"https:\/\/tytan.com\/pl\/wp-json\/wp\/v2\/categories?post=228337"},{"taxonomy":"post_tag","embeddable":true,"href":"https:\/\/tytan.com\/pl\/wp-json\/wp\/v2\/tags?post=228337"}],"curies":[{"name":"wp","href":"https:\/\/api.w.org\/{rel}","templated":true}]}}